{"id":18627,"date":"2023-12-28T15:20:45","date_gmt":"2023-12-28T13:20:45","guid":{"rendered":"https:\/\/linnus.samu.ee\/?post_type=event&#038;p=18627"},"modified":"2025-03-03T13:27:29","modified_gmt":"2025-03-03T11:27:29","slug":"islanders-of-the-middle-ages","status":"publish","type":"event","link":"https:\/\/linnus.samu.ee\/en\/mis-toimub\/islanders-of-the-middle-ages\/","title":{"rendered":"The Islanders of the middle ages"},"content":{"rendered":"\n<p>The 13th-century is considered a revolutionary period in the history of Estonia, as then these areas were joined to the Catholic European, and the dominance of mainly German immigrants in the society began.<\/p>\n\n\n\n<p>The 13th- and 14th-century following the Crusades are a time of which we have only a handful of written sources. Approaches based on archaeological sources and gaining influence only in the last decade emphasize the active participation of locals in shaping medieval Livonia. Their role seems to be especially paramount in Saaremaa. Here, even after the Crusades, the power remained for the most part with the same families that ruled before the islanders were officially converted to Christianity and subjected to new lords in 1227.<\/p>\n\n\n\n<p>This exhibition places the viewer literally face-to-face with a persons from the past.<\/p>\n\n\n\n<p>Burials from the 13th century, already belonging to the Christian era, have been excavated in Saaremaa since the 1950s. They have been studied by several archaeologists, but the development of technology and financial possibilities have set their own limits when drawing conclusions.<\/p>\n\n\n\n<p>This exhibition was completed thanks to private entrepreneurs who shouldered the resource-intensive work of archaeologists. Kristjan Rahu\u2019s funding to Foundation&nbsp;<em>Osiliana<\/em>&nbsp;made it possible to commission scientific analyses, carry out research and create realistic reconstructions of people who once lived, two of whom can be met at the exhibition.<\/p>\n\n\n\n<p>With the help of a research grant from the&nbsp;<em>Postimees<\/em>&nbsp;Foundation and Cultural Endowment of Estonia the clothing and jewelry of these people were recreated.<\/p>\n\n\n\n<p>Displayed fragments of the life of the islanders from the 13th and 14th century emphasize simultaneously both International communication and strong local characteristics. The exhibition is a collaborative project of Saaremaa Museum Foundation, Foundation&nbsp;<em>Osiliana<\/em>, and the&nbsp;<em>Postimees<\/em>&nbsp;Foundation. In addition to the five curators, who are archaeologists and historians, a number of collaborators contributed to the realization of the exhibition. Reconstructions of medievaal residents of Saaremaa were made by specialists from Sweden and Germany, and replicas of objects, jewelry, and clothing were made by local craftsmen.<\/p>\n\n\n\n<p>The employees of the Saaremaa Museum and the artists who assisted them did an enormous job in assembling and designing the exhibition. Thank you all!<\/p>\n\n\n\n<p>The entire exhibition is bound together by a belt chain running through diferent themes, a piece of jewelry unique to a medieval Saaremaa woman. Through its large rings, you can see finds that were preserved in the ground, obtain answers to questions, and read about things you might never have known to ask about. One can see medieval inhabitants of Saaremaa, but also yourself, past and present. Perhaps we are not so different after all!<\/p>\n\n\n\n<ul class=\"wp-block-list\">\n<li>Curators:&nbsp;<strong>Marika M\u00e4gi<\/strong>&nbsp;PhD (SA Osiliana \/ Tallinn University),&nbsp;<strong>Riina Rammo<\/strong>&nbsp;PhD (University of Tartu);&nbsp;<strong>Piia Sandrak<\/strong>&nbsp;(SA Osiliana \/ Tallinn University);&nbsp;<strong>Jaana Ratas<\/strong>;&nbsp;<strong>Karin Ranna\u00e4\u00e4r<\/strong>&nbsp;(SA Osiliana \/ University of Tartu)<\/li>\n\n\n\n<li>Exhibition design:&nbsp;<strong>Karmo Menda<\/strong>; Graphic design:&nbsp;<strong>Mare K\u00f5rtsini<\/strong>; Light designer:&nbsp;<strong>Airi Eras<\/strong><\/li>\n\n\n\n<li>Reconstructions of skeletons:&nbsp;<strong>Oscar Nilsson<\/strong>&nbsp;(Arts &amp; Sciences, Stockholm),&nbsp;<strong>\u00d6zg\u00fcr Bulut<\/strong>&nbsp;PhD (Invent Human Academy T\u00fcbingen)<\/li>\n\n\n\n<li>3D modelling of skulls:&nbsp;<strong>Ragnar Saage<\/strong>&nbsp;(University of Tartu)<\/li>\n\n\n\n<li>Reconstructions of objects:&nbsp;<strong>Edvards Puciriuss<\/strong>&nbsp;(University of Tartu Viljandi Culture Academy),&nbsp;<strong>Astri Kaljus<\/strong>&nbsp;(University of Tartu Viljandi Culture Academy),&nbsp;<strong>Indrek Jets<\/strong>&nbsp;PhD,&nbsp;<strong>Guna Zommere<\/strong><\/li>\n\n\n\n<li>DNA analyses:&nbsp;<strong>Kristiina Tambets<\/strong>&nbsp;PhD, (University of Tartu Institute of Genomics),&nbsp;<strong>Lehti Saag<\/strong>&nbsp;PhD, (University of Tartu Institute of Genomics),&nbsp;<strong>Stefania Sasso<\/strong>&nbsp;(University of Tartu Institute of Genomics)<\/li>\n\n\n\n<li>Biological anthropology:&nbsp;<strong>Raili Allm\u00e4e<\/strong>&nbsp;PhD (SA Osiliana \/ Tallinn University),&nbsp;<strong>Martin Malve<\/strong>&nbsp;(University of Tartu),&nbsp;<strong>Maris Niinesalu-Moon<\/strong>&nbsp;(SA Osiliana \/ University of Tartu),&nbsp;<strong>Rimantas Jankauskas<\/strong>&nbsp;(University of Vilnius)<\/li>\n\n\n\n<li>Isotopes:&nbsp;<strong>Maris Niinesalu-Moon<\/strong>&nbsp;(SA Osiliana \/ University of Tartu)<\/li>\n\n\n\n<li>Conservation:&nbsp;<strong>Tarvi Toome<\/strong>&nbsp;(Tallinn University),&nbsp;<strong>Karin Ranna\u00e4\u00e4r<\/strong>&nbsp;(SA Osiliana \/ University of Tartu)<\/li>\n\n\n\n<li>Public-and educational programmes:&nbsp;<strong>J\u00fcrje Koert<\/strong>&nbsp;(SA Saaremaa Museum)<\/li>\n\n\n\n<li>Marketing:&nbsp;<strong>Rita Rahu<\/strong>&nbsp;(SA Saaremaa Museum)<\/li>\n\n\n\n<li>Redaction:&nbsp;<strong>Olavi Pesti<\/strong>&nbsp;(SA Saaremaa Museum)<\/li>\n\n\n\n<li>Translator:&nbsp;<strong>Peeter Alan Tammisto<\/strong>&nbsp;(University of Tartu)<\/li>\n\n\n\n<li>Exposition construction technicians:&nbsp;<strong>T\u00f5nis Kallas<\/strong>,&nbsp;<strong>Perti Kask<\/strong>,&nbsp;<strong>Toomas Harjus<\/strong>,&nbsp;<strong>Roland Adamson<\/strong>&nbsp;(SA Saaremaa Museum),&nbsp;<strong>Heino J\u00fcrgenstein<\/strong>&nbsp;(Kurelto O\u00dc)<\/li>\n\n\n\n<li>Museum shop exhibition range:&nbsp;<strong>Liisi Ots<\/strong>&nbsp;(SA Saaremaa Museum)<\/li>\n\n\n\n<li>Photographer:&nbsp;<strong>Aivo P\u00f5llu\u00e4\u00e4r<\/strong>&nbsp;(SA Saaremaa Museum)<\/li>\n\n\n\n<li>Project manager:&nbsp;<strong>Maret Kukkur<\/strong>&nbsp;(SA Saaremaa Museum)<\/li>\n\n\n\n<li>Director of SA Saaremaa Museum:&nbsp;<strong>Rita Valge<\/strong><\/li>\n\n\n\n<li>Project partners and supporters:&nbsp;<strong>Foundation Osiliana<\/strong>,&nbsp;<strong>Saaremaa Museum Foundation<\/strong>,&nbsp;<strong>University of Tallinn<\/strong>,&nbsp;<strong>University of Tartu<\/strong>,&nbsp;<strong>Postimees Foundation (POST4)<\/strong>,&nbsp;<strong>Cultural Endowment of Estonia<\/strong><\/li>\n\n\n\n<li>Kuraatorid:&nbsp;<strong>Marika M\u00e4gi<\/strong>&nbsp;PhD (SA Osiliana \/ Tallinna \u00dclikool),&nbsp;<strong>Riina Rammo<\/strong>&nbsp;PhD (Tartu \u00dclikool);&nbsp;<strong>Piia Sandrak<\/strong>&nbsp;(SA Osiliana \/ Tallinna \u00dclikool);&nbsp;<strong>Jaana Ratas<\/strong>;&nbsp;<strong>Karin Ranna\u00e4\u00e4r<\/strong>&nbsp;(SA Osiliana \/ Tartu \u00dclikool)<\/li>\n<\/ul>\n\n\n\n<h2 class=\"wp-block-heading\">Press:<\/h2>\n\n\n\n<ul class=\"wp-block-list\">\n<li><a href=\"https:\/\/kultuur.err.ee\/1609083449\/saaremaal-saab-keskaegsele-naisele-silma-vaadata\" target=\"_blank\" rel=\"noreferrer noopener\">ERR uudised<\/a><\/li>\n\n\n\n<li><a href=\"https:\/\/etv.err.ee\/1609083608\/saaremaa-emand\" target=\"_blank\" rel=\"noreferrer noopener\">ERR ringvaade suvel<\/a><\/li>\n\n\n\n<li><a href=\"https:\/\/saartehaal.postimees.ee\/7812560\/rannak-keskaja-saaremaale-pilk-muuseumis-kuju-votvale-naitusele\" target=\"_blank\" rel=\"noreferrer noopener\">Saarte H\u00e4\u00e4l<\/a><\/li>\n\n\n\n<li><a href=\"https:\/\/kadi.ee\/jarelkuulamine\/keskpaev-12-07-23\/\" target=\"_blank\" rel=\"noreferrer noopener\">Kadi Raadio<\/a><\/li>\n\n\n\n<li><a href=\"https:\/\/www.meiekirik.net\/index.php\/art\/2359-kohtumas-keskaegsete-ristitud-saarlastega\" target=\"_blank\" rel=\"noreferrer noopener\">Meie Kirik<\/a><\/li>\n\n\n\n<li><a href=\"https:\/\/maaleht.delfi.ee\/artikkel\/120217651\/vaata-ja-klopsa-keskaegne-saaremaa-emand-paistab-silma-joukuse-ja-lugupeetusega\" target=\"_blank\" rel=\"noreferrer noopener\">Maaleht<\/a><\/li>\n\n\n\n<li><a href=\"https:\/\/kuku.pleier.ee\/podcast\/neeme-raud-siin\/158827\" target=\"_blank\" rel=\"noreferrer noopener\">Kuku Raadio<\/a><\/li>\n\n\n\n<li><a href=\"https:\/\/www.vabaeestisona.com\/et\/saaremaal-saab-13-sajandi-valjala-emandale-silma-vaadata\/\" target=\"_blank\" rel=\"noreferrer noopener\">Vaba Eesti S\u00f5na<\/a><\/li>\n\n\n\n<li><a href=\"https:\/\/saartehaal.postimees.ee\/7818973\/persoon-piia-sandra-sandrak-teeb-kodusaare-ajaloo-uurimisel-tanuvaarset-tood\" target=\"_blank\" rel=\"noreferrer noopener\">Saarte H\u00e4\u00e4l<\/a><\/li>\n<\/ul>\n\n\n\n<p><s><strong>K-P algusega kell 12:00 toimub n\u00e4itusel teemakohane giidituur.<\/strong>&nbsp;Sissep\u00e4\u00e4s giidituurile muuseumi piletiga.<\/s><\/p>\n\n\n\n<p>More information:\u00a0<a href=\"https:\/\/digi.saaremaamuuseum.ee\/f2f\/\" target=\"_blank\" rel=\"noreferrer noopener\">digi.saaremaamuuseum.ee\/f2f\/<\/a><\/p>\n","protected":false},"excerpt":{"rendered":"<p>The 13th-century is considered a revolutionary period in the history of Estonia, as then these areas were joined to the Catholic European, and the dominance of mainly German immigrants in the society began. The 13th- and 14th-century following the Crusades are a time of which we have only a handful of written sources. Approaches based [&hellip;]<\/p>\n","protected":false},"featured_media":18084,"template":"single-event","silt":[],"event-type":[],"class_list":["post-18627","event","type-event","status-publish","has-post-thumbnail","hentry"],"acf":[],"yoast_head":"<!-- This site is optimized with the Yoast SEO plugin v27.0 - https:\/\/yoast.com\/product\/yoast-seo-wordpress\/ -->\n<title>The Islanders of the middle ages - Kuressaare castle<\/title>\n<meta name=\"robots\" content=\"index, follow, max-snippet:-1, max-image-preview:large, max-video-preview:-1\" \/>\n<link rel=\"canonical\" href=\"https:\/\/linnus.samu.ee\/en\/mis-toimub\/islanders-of-the-middle-ages\/\" \/>\n<meta property=\"og:locale\" content=\"en_US\" \/>\n<meta property=\"og:type\" content=\"article\" \/>\n<meta property=\"og:title\" content=\"The Islanders of the middle ages - Kuressaare castle\" \/>\n<meta property=\"og:description\" content=\"The 13th-century is considered a revolutionary period in the history of Estonia, as then these areas were joined to the Catholic European, and the dominance of mainly German immigrants in the society began. The 13th- and 14th-century following the Crusades are a time of which we have only a handful of written sources. Approaches based [&hellip;]\" \/>\n<meta property=\"og:url\" content=\"https:\/\/linnus.samu.ee\/en\/mis-toimub\/islanders-of-the-middle-ages\/\" \/>\n<meta property=\"og:site_name\" content=\"Kuressaare castle\" \/>\n<meta property=\"article:modified_time\" content=\"2025-03-03T11:27:29+00:00\" \/>\n<meta property=\"og:image\" content=\"http:\/\/linnus.samu.ee\/wp-content\/uploads\/sites\/4\/2023\/12\/silmast-silma.webp\" \/>\n\t<meta property=\"og:image:width\" content=\"938\" \/>\n\t<meta property=\"og:image:height\" content=\"462\" \/>\n\t<meta property=\"og:image:type\" content=\"image\/webp\" \/>\n<meta name=\"twitter:card\" content=\"summary_large_image\" \/>\n<meta name=\"twitter:label1\" content=\"Est. reading time\" \/>\n\t<meta name=\"twitter:data1\" content=\"4 minutes\" \/>\n<script type=\"application\/ld+json\" class=\"yoast-schema-graph\">{\"@context\":\"https:\/\/schema.org\",\"@graph\":[{\"@type\":\"WebPage\",\"@id\":\"https:\/\/linnus.samu.ee\/en\/mis-toimub\/islanders-of-the-middle-ages\/\",\"url\":\"https:\/\/linnus.samu.ee\/en\/mis-toimub\/islanders-of-the-middle-ages\/\",\"name\":\"The Islanders of the middle ages - Kuressaare castle\",\"isPartOf\":{\"@id\":\"https:\/\/linnus.samu.ee\/#website\"},\"primaryImageOfPage\":{\"@id\":\"https:\/\/linnus.samu.ee\/en\/mis-toimub\/islanders-of-the-middle-ages\/#primaryimage\"},\"image\":{\"@id\":\"https:\/\/linnus.samu.ee\/en\/mis-toimub\/islanders-of-the-middle-ages\/#primaryimage\"},\"thumbnailUrl\":\"https:\/\/linnus.samu.ee\/wp-content\/uploads\/sites\/4\/2023\/12\/silmast-silma.webp\",\"datePublished\":\"2023-12-28T13:20:45+00:00\",\"dateModified\":\"2025-03-03T11:27:29+00:00\",\"breadcrumb\":{\"@id\":\"https:\/\/linnus.samu.ee\/en\/mis-toimub\/islanders-of-the-middle-ages\/#breadcrumb\"},\"inLanguage\":\"en-US\",\"potentialAction\":[{\"@type\":\"ReadAction\",\"target\":[\"https:\/\/linnus.samu.ee\/en\/mis-toimub\/islanders-of-the-middle-ages\/\"]}]},{\"@type\":\"ImageObject\",\"inLanguage\":\"en-US\",\"@id\":\"https:\/\/linnus.samu.ee\/en\/mis-toimub\/islanders-of-the-middle-ages\/#primaryimage\",\"url\":\"https:\/\/linnus.samu.ee\/wp-content\/uploads\/sites\/4\/2023\/12\/silmast-silma.webp\",\"contentUrl\":\"https:\/\/linnus.samu.ee\/wp-content\/uploads\/sites\/4\/2023\/12\/silmast-silma.webp\",\"width\":938,\"height\":462},{\"@type\":\"BreadcrumbList\",\"@id\":\"https:\/\/linnus.samu.ee\/en\/mis-toimub\/islanders-of-the-middle-ages\/#breadcrumb\",\"itemListElement\":[{\"@type\":\"ListItem\",\"position\":1,\"name\":\"Kuressaare linnusmuuseum\",\"item\":\"https:\/\/linnus.samu.ee\/en\/\"},{\"@type\":\"ListItem\",\"position\":2,\"name\":\"S\u00fcndmused\",\"item\":\"https:\/\/linnus.samu.ee\/mis-toimub\/\"},{\"@type\":\"ListItem\",\"position\":3,\"name\":\"The Islanders of the middle ages\"}]},{\"@type\":\"WebSite\",\"@id\":\"https:\/\/linnus.samu.ee\/#website\",\"url\":\"https:\/\/linnus.samu.ee\/\",\"name\":\"Kuressaare castle\",\"description\":\"\",\"publisher\":{\"@id\":\"https:\/\/linnus.samu.ee\/#organization\"},\"alternateName\":\"Kuressaare linnus\",\"potentialAction\":[{\"@type\":\"SearchAction\",\"target\":{\"@type\":\"EntryPoint\",\"urlTemplate\":\"https:\/\/linnus.samu.ee\/?s={search_term_string}\"},\"query-input\":{\"@type\":\"PropertyValueSpecification\",\"valueRequired\":true,\"valueName\":\"search_term_string\"}}],\"inLanguage\":\"en-US\"},{\"@type\":\"Organization\",\"@id\":\"https:\/\/linnus.samu.ee\/#organization\",\"name\":\"Kuressaare linnusmuuseum\",\"alternateName\":\"Kuressaare linnus\",\"url\":\"https:\/\/linnus.samu.ee\/\",\"logo\":{\"@type\":\"ImageObject\",\"inLanguage\":\"en-US\",\"@id\":\"https:\/\/linnus.samu.ee\/#\/schema\/logo\/image\/\",\"url\":\"https:\/\/linnus.samu.ee\/wp-content\/uploads\/sites\/4\/2024\/04\/Linnus-logo__schema__696x696.png\",\"contentUrl\":\"https:\/\/linnus.samu.ee\/wp-content\/uploads\/sites\/4\/2024\/04\/Linnus-logo__schema__696x696.png\",\"width\":696,\"height\":696,\"caption\":\"Kuressaare linnusmuuseum\"},\"image\":{\"@id\":\"https:\/\/linnus.samu.ee\/#\/schema\/logo\/image\/\"}}]}<\/script>\n<!-- \/ Yoast SEO plugin. -->","yoast_head_json":{"title":"The Islanders of the middle ages - Kuressaare castle","robots":{"index":"index","follow":"follow","max-snippet":"max-snippet:-1","max-image-preview":"max-image-preview:large","max-video-preview":"max-video-preview:-1"},"canonical":"https:\/\/linnus.samu.ee\/en\/mis-toimub\/islanders-of-the-middle-ages\/","og_locale":"en_US","og_type":"article","og_title":"The Islanders of the middle ages - Kuressaare castle","og_description":"The 13th-century is considered a revolutionary period in the history of Estonia, as then these areas were joined to the Catholic European, and the dominance of mainly German immigrants in the society began. The 13th- and 14th-century following the Crusades are a time of which we have only a handful of written sources. Approaches based [&hellip;]","og_url":"https:\/\/linnus.samu.ee\/en\/mis-toimub\/islanders-of-the-middle-ages\/","og_site_name":"Kuressaare castle","article_modified_time":"2025-03-03T11:27:29+00:00","og_image":[{"width":938,"height":462,"url":"http:\/\/linnus.samu.ee\/wp-content\/uploads\/sites\/4\/2023\/12\/silmast-silma.webp","type":"image\/webp"}],"twitter_card":"summary_large_image","twitter_misc":{"Est. reading time":"4 minutes"},"schema":{"@context":"https:\/\/schema.org","@graph":[{"@type":"WebPage","@id":"https:\/\/linnus.samu.ee\/en\/mis-toimub\/islanders-of-the-middle-ages\/","url":"https:\/\/linnus.samu.ee\/en\/mis-toimub\/islanders-of-the-middle-ages\/","name":"The Islanders of the middle ages - Kuressaare castle","isPartOf":{"@id":"https:\/\/linnus.samu.ee\/#website"},"primaryImageOfPage":{"@id":"https:\/\/linnus.samu.ee\/en\/mis-toimub\/islanders-of-the-middle-ages\/#primaryimage"},"image":{"@id":"https:\/\/linnus.samu.ee\/en\/mis-toimub\/islanders-of-the-middle-ages\/#primaryimage"},"thumbnailUrl":"https:\/\/linnus.samu.ee\/wp-content\/uploads\/sites\/4\/2023\/12\/silmast-silma.webp","datePublished":"2023-12-28T13:20:45+00:00","dateModified":"2025-03-03T11:27:29+00:00","breadcrumb":{"@id":"https:\/\/linnus.samu.ee\/en\/mis-toimub\/islanders-of-the-middle-ages\/#breadcrumb"},"inLanguage":"en-US","potentialAction":[{"@type":"ReadAction","target":["https:\/\/linnus.samu.ee\/en\/mis-toimub\/islanders-of-the-middle-ages\/"]}]},{"@type":"ImageObject","inLanguage":"en-US","@id":"https:\/\/linnus.samu.ee\/en\/mis-toimub\/islanders-of-the-middle-ages\/#primaryimage","url":"https:\/\/linnus.samu.ee\/wp-content\/uploads\/sites\/4\/2023\/12\/silmast-silma.webp","contentUrl":"https:\/\/linnus.samu.ee\/wp-content\/uploads\/sites\/4\/2023\/12\/silmast-silma.webp","width":938,"height":462},{"@type":"BreadcrumbList","@id":"https:\/\/linnus.samu.ee\/en\/mis-toimub\/islanders-of-the-middle-ages\/#breadcrumb","itemListElement":[{"@type":"ListItem","position":1,"name":"Kuressaare linnusmuuseum","item":"https:\/\/linnus.samu.ee\/en\/"},{"@type":"ListItem","position":2,"name":"S\u00fcndmused","item":"https:\/\/linnus.samu.ee\/mis-toimub\/"},{"@type":"ListItem","position":3,"name":"The Islanders of the middle ages"}]},{"@type":"WebSite","@id":"https:\/\/linnus.samu.ee\/#website","url":"https:\/\/linnus.samu.ee\/","name":"Kuressaare castle","description":"","publisher":{"@id":"https:\/\/linnus.samu.ee\/#organization"},"alternateName":"Kuressaare linnus","potentialAction":[{"@type":"SearchAction","target":{"@type":"EntryPoint","urlTemplate":"https:\/\/linnus.samu.ee\/?s={search_term_string}"},"query-input":{"@type":"PropertyValueSpecification","valueRequired":true,"valueName":"search_term_string"}}],"inLanguage":"en-US"},{"@type":"Organization","@id":"https:\/\/linnus.samu.ee\/#organization","name":"Kuressaare linnusmuuseum","alternateName":"Kuressaare linnus","url":"https:\/\/linnus.samu.ee\/","logo":{"@type":"ImageObject","inLanguage":"en-US","@id":"https:\/\/linnus.samu.ee\/#\/schema\/logo\/image\/","url":"https:\/\/linnus.samu.ee\/wp-content\/uploads\/sites\/4\/2024\/04\/Linnus-logo__schema__696x696.png","contentUrl":"https:\/\/linnus.samu.ee\/wp-content\/uploads\/sites\/4\/2024\/04\/Linnus-logo__schema__696x696.png","width":696,"height":696,"caption":"Kuressaare linnusmuuseum"},"image":{"@id":"https:\/\/linnus.samu.ee\/#\/schema\/logo\/image\/"}}]}},"_links":{"self":[{"href":"https:\/\/linnus.samu.ee\/en\/wp-json\/wp\/v2\/event\/18627","targetHints":{"allow":["GET"]}}],"collection":[{"href":"https:\/\/linnus.samu.ee\/en\/wp-json\/wp\/v2\/event"}],"about":[{"href":"https:\/\/linnus.samu.ee\/en\/wp-json\/wp\/v2\/types\/event"}],"wp:featuredmedia":[{"embeddable":true,"href":"https:\/\/linnus.samu.ee\/en\/wp-json\/wp\/v2\/media\/18084"}],"wp:attachment":[{"href":"https:\/\/linnus.samu.ee\/en\/wp-json\/wp\/v2\/media?parent=18627"}],"wp:term":[{"taxonomy":"silt","embeddable":true,"href":"https:\/\/linnus.samu.ee\/en\/wp-json\/wp\/v2\/silt?post=18627"},{"taxonomy":"event-type","embeddable":true,"href":"https:\/\/linnus.samu.ee\/en\/wp-json\/wp\/v2\/event-type?post=18627"}],"curies":[{"name":"wp","href":"https:\/\/api.w.org\/{rel}","templated":true}]}}